{"id":1457,"date":"2025-12-05T05:46:00","date_gmt":"2025-12-05T04:46:00","guid":{"rendered":"https:\/\/galerie-argentique.com\/?page_id=1457"},"modified":"2026-02-08T11:30:49","modified_gmt":"2026-02-08T10:30:49","slug":"bio-christian-capron-photographie","status":"publish","type":"page","link":"https:\/\/galerie-argentique.com\/index.php\/bio-christian-capron-photographie\/","title":{"rendered":"Bio"},"content":{"rendered":"<div class=\"wp-block-image\">\n<figure class=\"aligncenter size-full is-resized\"><img data-dominant-color=\"b0afa8\" data-has-transparency=\"false\" loading=\"lazy\" decoding=\"async\" width=\"1000\" height=\"455\" src=\"https:\/\/galerie-argentique.com\/wp-content\/uploads\/2025\/12\/Moi-pour-le-site.jpg\" alt=\"Christian CAPRON Photographie. Tirage argentique La R\u00e9union.\" class=\"wp-image-1532 not-transparent\" style=\"--dominant-color: #b0afa8; aspect-ratio:2.1978602620087337;width:556px;height:auto\" srcset=\"https:\/\/galerie-argentique.com\/wp-content\/uploads\/2025\/12\/Moi-pour-le-site.jpg 1000w, https:\/\/galerie-argentique.com\/wp-content\/uploads\/2025\/12\/Moi-pour-le-site-700x319.jpg 700w, https:\/\/galerie-argentique.com\/wp-content\/uploads\/2025\/12\/Moi-pour-le-site-768x349.jpg 768w, https:\/\/galerie-argentique.com\/wp-content\/uploads\/2025\/12\/Moi-pour-le-site-324x147.jpg 324w, https:\/\/galerie-argentique.com\/wp-content\/uploads\/2025\/12\/Moi-pour-le-site-416x189.jpg 416w\" sizes=\"auto, (max-width: 1000px) 100vw, 1000px\" \/><\/figure>\n<\/div>\n\n\n<p class=\"has-normal-font-size\"><strong>Photographe argentique \u00e0 La R\u00e9union<\/strong><\/p>\n\n\n\n<p>Je suis Christian Capron, <strong>photographe argentique \u00e0 La R\u00e9union<\/strong>, install\u00e9 \u00e0 Saint\u2011Leu. Je travaille exclusivement en noir et blanc et je r\u00e9alise mes tirages baryt\u00e9s \u00e0 la main dans mon atelier. Mon approche repose sur la lenteur, la pr\u00e9cision et la mat\u00e9rialit\u00e9 du geste. J\u2019effectue l\u2019exposition manuelle, les masquages, le d\u00e9veloppement contr\u00f4l\u00e9, le lavage long, puis le s\u00e9chage sous tension pour obtenir une plan\u00e9it\u00e9 parfaite. Chaque tirage est une pi\u00e8ce unique, r\u00e9alis\u00e9e selon les m\u00e9thodes traditionnelles du laboratoire argentique.<\/p>\n\n\n\n<h2 class=\"wp-block-heading\"><strong>Une d\u00e9marche fond\u00e9e sur la qualit\u00e9<\/strong><\/h2>\n\n\n\n<p>Je ne travaille pas dans la quantit\u00e9 mais dans la qualit\u00e9. C\u2019est pourquoi mes tirages sont propos\u00e9s en <strong>petites s\u00e9ries<\/strong>, sign\u00e9s et num\u00e9rot\u00e9s, afin de pr\u00e9server leur raret\u00e9, leur valeur et l\u2019attention que je porte \u00e0 chaque image. Cette d\u00e9marche artisanale fait partie int\u00e9grante de mon identit\u00e9 d\u2019auteur.<\/p>\n\n\n\n<h2 class=\"wp-block-heading\"><strong>Un atelier qui est aussi un espace d\u2019exposition<\/strong><\/h2>\n\n\n\n<p>Mon atelier fait \u00e9galement office d\u2019espace d\u2019exposition. J\u2019y pr\u00e9sente r\u00e9guli\u00e8rement mon travail, dans un cadre intime et coh\u00e9rent avec ma d\u00e9marche artistique. Certaines de mes \u0153uvres ont \u00e9t\u00e9 pr\u00e9sent\u00e9es dans des contextes professionnels reconnus, notamment lors de ventes \u00e0 <strong>Drouot<\/strong>, o\u00f9 deux de mes tirages, r\u00e9alis\u00e9s pour un grand reporter photographe, ont \u00e9t\u00e9 adjug\u00e9s. Ces ventes contribuent \u00e0 \u00e9tablir ma <strong>cote d\u2019auteur<\/strong>, en compl\u00e9ment de mes tirages pr\u00e9sents dans des collections priv\u00e9es en France, en Allemagne, en Suisse, en Italie, en Tch\u00e9quie et en Autriche.<\/p>\n\n\n\n<h2 class=\"wp-block-heading\"><strong>Ouvert \u00e0 tous<\/strong><\/h2>\n\n\n\n<p>\u00c0 La R\u00e9union, l\u2019argentique est rare. C\u2019est pourquoi j\u2019ai choisi d\u2019ouvrir mon atelier aux photographes et particuliers de l\u2019\u00eele qui souhaitent obtenir un tirage baryt\u00e9 authentique, r\u00e9alis\u00e9 avec soin et exigence. Je tire chaque n\u00e9gatif comme une \u0153uvre \u00e0 part enti\u00e8re, avec le m\u00eame niveau d\u2019attention que pour mes propres expositions. Mon atelier est un lieu de cr\u00e9ation, de transmission et de rencontre autour de la photographie argentique.<\/p>\n\n\n\n<h2 class=\"wp-block-heading\"><strong>Stages individuels en immersion<\/strong><\/h2>\n\n\n\n<p>Je propose \u00e9galement des <strong>stages en cession individuelle<\/strong>, permettant d\u2019apprendre le tirage argentique dans des conditions professionnelles, en immersion compl\u00e8te dans mon atelier. Chaque participant b\u00e9n\u00e9ficie d\u2019un accompagnement personnalis\u00e9, fid\u00e8le \u00e0 ma d\u00e9marche de transmission, de pr\u00e9cision et de qualit\u00e9.<\/p>\n\n\n\n<p class=\"has-normal-font-size\"><\/p>\n\n\n\n<p><a href=\"https:\/\/www.photos-argentique.fr\/\">La boutique<\/a><\/p>\n\n\n\n<p><\/p>\n","protected":false},"excerpt":{"rendered":"<p>Photographe argentique \u00e0 La R\u00e9union Je suis Christian Capron, photographe argentique \u00e0 La R\u00e9union, install\u00e9 \u00e0 Saint\u2011Leu. Je travaille exclusivement en noir et blanc et je r\u00e9alise mes tirages baryt\u00e9s \u00e0 la main dans mon atelier. Mon approche repose sur la lenteur, la pr\u00e9cision et la mat\u00e9rialit\u00e9 du geste. J\u2019effectue l\u2019exposition manuelle, les masquages, le [&hellip;]<\/p>\n","protected":false},"author":1,"featured_media":0,"parent":0,"menu_order":0,"comment_status":"closed","ping_status":"closed","template":"","meta":{"footnotes":""},"class_list":["post-1457","page","type-page","status-publish","hentry"],"yoast_head":"<!-- This site is optimized with the Yoast SEO plugin v27.5 - https:\/\/yoast.com\/product\/yoast-seo-wordpress\/ -->\n<title>Bio - Christian CAPRON Photographie<\/title>\n<meta name=\"description\" content=\"Bio, Christian Capron, photographe et tireur argentique. Ile de La R\u00e9union. Atelier Argentique visite du labo sur Rendez-vous.\" \/>\n<meta name=\"robots\" content=\"index, follow, max-snippet:-1, max-image-preview:large, max-video-preview:-1\" \/>\n<link rel=\"canonical\" href=\"https:\/\/galerie-argentique.com\/index.php\/bio-christian-capron-photographie\/\" \/>\n<meta property=\"og:locale\" content=\"fr_FR\" \/>\n<meta property=\"og:type\" content=\"article\" \/>\n<meta property=\"og:title\" content=\"Bio - Christian CAPRON Photographie\" \/>\n<meta property=\"og:description\" content=\"Bio, Christian Capron, photographe et tireur argentique. Ile de La R\u00e9union. Atelier Argentique visite du labo sur Rendez-vous.\" \/>\n<meta property=\"og:url\" content=\"https:\/\/galerie-argentique.com\/index.php\/bio-christian-capron-photographie\/\" \/>\n<meta property=\"og:site_name\" content=\"Atelier \/ Galerie argentique\" \/>\n<meta property=\"article:publisher\" content=\"https:\/\/www.facebook.com\/christian.capron.Photographie\/\" \/>\n<meta property=\"article:modified_time\" content=\"2026-02-08T10:30:49+00:00\" \/>\n<meta property=\"og:image\" content=\"https:\/\/galerie-argentique.com\/wp-content\/uploads\/2025\/12\/Moi-pour-le-site.jpg\" \/>\n\t<meta property=\"og:image:width\" content=\"1000\" \/>\n\t<meta property=\"og:image:height\" content=\"455\" \/>\n\t<meta property=\"og:image:type\" content=\"image\/jpeg\" \/>\n<meta name=\"twitter:card\" content=\"summary_large_image\" \/>\n<meta name=\"twitter:label1\" content=\"Dur\u00e9e de lecture estim\u00e9e\" \/>\n\t<meta name=\"twitter:data1\" content=\"2 minutes\" \/>\n<script type=\"application\/ld+json\" class=\"yoast-schema-graph\">{\"@context\":\"https:\\\/\\\/schema.org\",\"@graph\":[{\"@type\":\"WebPage\",\"@id\":\"https:\\\/\\\/galerie-argentique.com\\\/index.php\\\/bio-christian-capron-photographie\\\/\",\"url\":\"https:\\\/\\\/galerie-argentique.com\\\/index.php\\\/bio-christian-capron-photographie\\\/\",\"name\":\"Bio - Christian CAPRON Photographie\",\"isPartOf\":{\"@id\":\"https:\\\/\\\/galerie-argentique.com\\\/#website\"},\"primaryImageOfPage\":{\"@id\":\"https:\\\/\\\/galerie-argentique.com\\\/index.php\\\/bio-christian-capron-photographie\\\/#primaryimage\"},\"image\":{\"@id\":\"https:\\\/\\\/galerie-argentique.com\\\/index.php\\\/bio-christian-capron-photographie\\\/#primaryimage\"},\"thumbnailUrl\":\"https:\\\/\\\/galerie-argentique.com\\\/wp-content\\\/uploads\\\/2025\\\/12\\\/Moi-pour-le-site.jpg\",\"datePublished\":\"2025-12-05T04:46:00+00:00\",\"dateModified\":\"2026-02-08T10:30:49+00:00\",\"description\":\"Bio, Christian Capron, photographe et tireur argentique. Ile de La R\u00e9union. Atelier Argentique visite du labo sur Rendez-vous.\",\"breadcrumb\":{\"@id\":\"https:\\\/\\\/galerie-argentique.com\\\/index.php\\\/bio-christian-capron-photographie\\\/#breadcrumb\"},\"inLanguage\":\"fr-FR\",\"potentialAction\":[{\"@type\":\"ReadAction\",\"target\":[\"https:\\\/\\\/galerie-argentique.com\\\/index.php\\\/bio-christian-capron-photographie\\\/\"]}]},{\"@type\":\"ImageObject\",\"inLanguage\":\"fr-FR\",\"@id\":\"https:\\\/\\\/galerie-argentique.com\\\/index.php\\\/bio-christian-capron-photographie\\\/#primaryimage\",\"url\":\"https:\\\/\\\/galerie-argentique.com\\\/wp-content\\\/uploads\\\/2025\\\/12\\\/Moi-pour-le-site.jpg\",\"contentUrl\":\"https:\\\/\\\/galerie-argentique.com\\\/wp-content\\\/uploads\\\/2025\\\/12\\\/Moi-pour-le-site.jpg\",\"width\":1000,\"height\":455},{\"@type\":\"BreadcrumbList\",\"@id\":\"https:\\\/\\\/galerie-argentique.com\\\/index.php\\\/bio-christian-capron-photographie\\\/#breadcrumb\",\"itemListElement\":[{\"@type\":\"ListItem\",\"position\":1,\"name\":\"Accueil\",\"item\":\"https:\\\/\\\/galerie-argentique.com\\\/\"},{\"@type\":\"ListItem\",\"position\":2,\"name\":\"Bio\"}]},{\"@type\":\"WebSite\",\"@id\":\"https:\\\/\\\/galerie-argentique.com\\\/#website\",\"url\":\"https:\\\/\\\/galerie-argentique.com\\\/\",\"name\":\"Atelier \\\/ Galerie argentique\",\"description\":\"L\u00e0 o\u00f9 la photographie devient Art\",\"publisher\":{\"@id\":\"https:\\\/\\\/galerie-argentique.com\\\/#\\\/schema\\\/person\\\/8df0e7a68763fc385a469968f19edffc\"},\"potentialAction\":[{\"@type\":\"SearchAction\",\"target\":{\"@type\":\"EntryPoint\",\"urlTemplate\":\"https:\\\/\\\/galerie-argentique.com\\\/?s={search_term_string}\"},\"query-input\":{\"@type\":\"PropertyValueSpecification\",\"valueRequired\":true,\"valueName\":\"search_term_string\"}}],\"inLanguage\":\"fr-FR\"},{\"@type\":[\"Person\",\"Organization\"],\"@id\":\"https:\\\/\\\/galerie-argentique.com\\\/#\\\/schema\\\/person\\\/8df0e7a68763fc385a469968f19edffc\",\"name\":\"Christian CAPRON\",\"logo\":{\"@id\":\"https:\\\/\\\/galerie-argentique.com\\\/#\\\/schema\\\/person\\\/image\\\/\"},\"sameAs\":[\"https:\\\/\\\/galerie-argentique.com\\\/\",\"https:\\\/\\\/www.facebook.com\\\/christian.capron.Photographie\\\/\",\"https:\\\/\\\/www.instagram.com\\\/christiancapron\\\/?hl=fr\"]}]}<\/script>\n<!-- \/ Yoast SEO plugin. -->","yoast_head_json":{"title":"Bio - Christian CAPRON Photographie","description":"Bio, Christian Capron, photographe et tireur argentique. Ile de La R\u00e9union. Atelier Argentique visite du labo sur Rendez-vous.","robots":{"index":"index","follow":"follow","max-snippet":"max-snippet:-1","max-image-preview":"max-image-preview:large","max-video-preview":"max-video-preview:-1"},"canonical":"https:\/\/galerie-argentique.com\/index.php\/bio-christian-capron-photographie\/","og_locale":"fr_FR","og_type":"article","og_title":"Bio - Christian CAPRON Photographie","og_description":"Bio, Christian Capron, photographe et tireur argentique. Ile de La R\u00e9union. Atelier Argentique visite du labo sur Rendez-vous.","og_url":"https:\/\/galerie-argentique.com\/index.php\/bio-christian-capron-photographie\/","og_site_name":"Atelier \/ Galerie argentique","article_publisher":"https:\/\/www.facebook.com\/christian.capron.Photographie\/","article_modified_time":"2026-02-08T10:30:49+00:00","og_image":[{"width":1000,"height":455,"url":"https:\/\/galerie-argentique.com\/wp-content\/uploads\/2025\/12\/Moi-pour-le-site.jpg","type":"image\/jpeg"}],"twitter_card":"summary_large_image","twitter_misc":{"Dur\u00e9e de lecture estim\u00e9e":"2 minutes"},"schema":{"@context":"https:\/\/schema.org","@graph":[{"@type":"WebPage","@id":"https:\/\/galerie-argentique.com\/index.php\/bio-christian-capron-photographie\/","url":"https:\/\/galerie-argentique.com\/index.php\/bio-christian-capron-photographie\/","name":"Bio - Christian CAPRON Photographie","isPartOf":{"@id":"https:\/\/galerie-argentique.com\/#website"},"primaryImageOfPage":{"@id":"https:\/\/galerie-argentique.com\/index.php\/bio-christian-capron-photographie\/#primaryimage"},"image":{"@id":"https:\/\/galerie-argentique.com\/index.php\/bio-christian-capron-photographie\/#primaryimage"},"thumbnailUrl":"https:\/\/galerie-argentique.com\/wp-content\/uploads\/2025\/12\/Moi-pour-le-site.jpg","datePublished":"2025-12-05T04:46:00+00:00","dateModified":"2026-02-08T10:30:49+00:00","description":"Bio, Christian Capron, photographe et tireur argentique. Ile de La R\u00e9union. Atelier Argentique visite du labo sur Rendez-vous.","breadcrumb":{"@id":"https:\/\/galerie-argentique.com\/index.php\/bio-christian-capron-photographie\/#breadcrumb"},"inLanguage":"fr-FR","potentialAction":[{"@type":"ReadAction","target":["https:\/\/galerie-argentique.com\/index.php\/bio-christian-capron-photographie\/"]}]},{"@type":"ImageObject","inLanguage":"fr-FR","@id":"https:\/\/galerie-argentique.com\/index.php\/bio-christian-capron-photographie\/#primaryimage","url":"https:\/\/galerie-argentique.com\/wp-content\/uploads\/2025\/12\/Moi-pour-le-site.jpg","contentUrl":"https:\/\/galerie-argentique.com\/wp-content\/uploads\/2025\/12\/Moi-pour-le-site.jpg","width":1000,"height":455},{"@type":"BreadcrumbList","@id":"https:\/\/galerie-argentique.com\/index.php\/bio-christian-capron-photographie\/#breadcrumb","itemListElement":[{"@type":"ListItem","position":1,"name":"Accueil","item":"https:\/\/galerie-argentique.com\/"},{"@type":"ListItem","position":2,"name":"Bio"}]},{"@type":"WebSite","@id":"https:\/\/galerie-argentique.com\/#website","url":"https:\/\/galerie-argentique.com\/","name":"Atelier \/ Galerie argentique","description":"L\u00e0 o\u00f9 la photographie devient Art","publisher":{"@id":"https:\/\/galerie-argentique.com\/#\/schema\/person\/8df0e7a68763fc385a469968f19edffc"},"potentialAction":[{"@type":"SearchAction","target":{"@type":"EntryPoint","urlTemplate":"https:\/\/galerie-argentique.com\/?s={search_term_string}"},"query-input":{"@type":"PropertyValueSpecification","valueRequired":true,"valueName":"search_term_string"}}],"inLanguage":"fr-FR"},{"@type":["Person","Organization"],"@id":"https:\/\/galerie-argentique.com\/#\/schema\/person\/8df0e7a68763fc385a469968f19edffc","name":"Christian CAPRON","logo":{"@id":"https:\/\/galerie-argentique.com\/#\/schema\/person\/image\/"},"sameAs":["https:\/\/galerie-argentique.com\/","https:\/\/www.facebook.com\/christian.capron.Photographie\/","https:\/\/www.instagram.com\/christiancapron\/?hl=fr"]}]}},"jetpack_sharing_enabled":true,"_links":{"self":[{"href":"https:\/\/galerie-argentique.com\/index.php\/wp-json\/wp\/v2\/pages\/1457","targetHints":{"allow":["GET"]}}],"collection":[{"href":"https:\/\/galerie-argentique.com\/index.php\/wp-json\/wp\/v2\/pages"}],"about":[{"href":"https:\/\/galerie-argentique.com\/index.php\/wp-json\/wp\/v2\/types\/page"}],"author":[{"embeddable":true,"href":"https:\/\/galerie-argentique.com\/index.php\/wp-json\/wp\/v2\/users\/1"}],"replies":[{"embeddable":true,"href":"https:\/\/galerie-argentique.com\/index.php\/wp-json\/wp\/v2\/comments?post=1457"}],"version-history":[{"count":9,"href":"https:\/\/galerie-argentique.com\/index.php\/wp-json\/wp\/v2\/pages\/1457\/revisions"}],"predecessor-version":[{"id":1647,"href":"https:\/\/galerie-argentique.com\/index.php\/wp-json\/wp\/v2\/pages\/1457\/revisions\/1647"}],"wp:attachment":[{"href":"https:\/\/galerie-argentique.com\/index.php\/wp-json\/wp\/v2\/media?parent=1457"}],"curies":[{"name":"wp","href":"https:\/\/api.w.org\/{rel}","templated":true}]}}