{"id":500,"date":"2023-03-24T12:55:02","date_gmt":"2023-03-24T11:55:02","guid":{"rendered":"https:\/\/galerie-argentique.com\/?page_id=500"},"modified":"2024-05-20T14:33:08","modified_gmt":"2024-05-20T12:33:08","slug":"on-en-parle-galerie-argentique-christian-capron-photographie","status":"publish","type":"page","link":"https:\/\/galerie-argentique.com\/index.php\/on-en-parle-galerie-argentique-christian-capron-photographie\/","title":{"rendered":"On en parle !"},"content":{"rendered":"\n<p class=\"has-black-color has-text-color has-link-color wp-elements-1c4a3fb3fdd4d1f2cae0bd420b3c337a\" style=\"font-size:18px\"> On en parle&#8230;. Mon travail sur la  photographie argentique a captiv\u00e9 l\u2019attention de plusieurs m\u00e9dias. Cela t\u00e9moigne de la qualit\u00e9 de mes cr\u00e9ations. Je continue \u00e0 partager ma passion avec vous&nbsp;!<\/p>\n\n\n\n<p class=\"has-text-color has-link-color has-medium-font-size wp-elements-db544da81a0a050c5c6631456c602b8e\" style=\"color:#af6464\">On en parle sur : R\u00e9union la 1\u00e8re, Antenne R\u00e9union, Kult M\u00e9dia, le Quotidien de La R\u00e9union<\/p>\n\n\n\n<p style=\"font-size:18px\">Le Quotidien de l&rsquo;Ile de La R\u00e9union &#8211; Mars 2024 &#8211;<\/p>\n\n\n<div class=\"wp-block-image\">\n<figure class=\"aligncenter size-full is-resized\"><img data-dominant-color=\"c5c0c1\" data-has-transparency=\"false\" loading=\"lazy\" decoding=\"async\" width=\"998\" height=\"750\" src=\"https:\/\/galerie-argentique.com\/wp-content\/uploads\/2024\/04\/431648217_1479159416350300_4011140802400225460_n-2-jpg.webp\" alt=\"Le Quotidien, Christian CAPRON PHOTOGRAPHIE, on en parle.\" class=\"wp-image-885 not-transparent\" style=\"--dominant-color: #c5c0c1; width:806px;height:auto\" srcset=\"https:\/\/galerie-argentique.com\/wp-content\/uploads\/2024\/04\/431648217_1479159416350300_4011140802400225460_n-2-jpg.webp 998w, https:\/\/galerie-argentique.com\/wp-content\/uploads\/2024\/04\/431648217_1479159416350300_4011140802400225460_n-2-jpg-324x243.webp 324w, https:\/\/galerie-argentique.com\/wp-content\/uploads\/2024\/04\/431648217_1479159416350300_4011140802400225460_n-2-jpg-416x313.webp 416w, https:\/\/galerie-argentique.com\/wp-content\/uploads\/2024\/04\/431648217_1479159416350300_4011140802400225460_n-2-300x225.webp 300w, https:\/\/galerie-argentique.com\/wp-content\/uploads\/2024\/04\/431648217_1479159416350300_4011140802400225460_n-2-768x577.webp 768w\" sizes=\"auto, (max-width: 998px) 100vw, 998px\" \/><\/figure>\n<\/div>\n\n\n<p><\/p>\n\n\n\n<p class=\"has-white-color has-text-color has-link-color wp-elements-bfc3b51f5355d0d6337bdf327c3140d8\">On en parle. Reportage sur l&rsquo;auteur et son travail, sur la galerie argentique.<\/p>\n\n\n\n<iframe loading=\"lazy\" title=\"Photographie Argentique, reportage de R\u00e9union la 1\u00e8re sur mon travail et mon exposition.\" width=\"980\" height=\"551\" src=\"https:\/\/www.youtube.com\/embed\/bACUiDb4OPU?feature=oembed\" frameborder=\"0\" allow=\"accelerometer; autoplay; clipboard-write; encrypted-media; gyroscope; picture-in-picture; web-share\" referrerpolicy=\"strict-origin-when-cross-origin\" allowfullscreen><\/iframe>\n\n\n\n<iframe loading=\"lazy\" title=\"Les photos argentiques de Christian Capron\" width=\"980\" height=\"735\" src=\"https:\/\/www.youtube.com\/embed\/rMvrn0oi8Lk?feature=oembed\" frameborder=\"0\" allow=\"accelerometer; autoplay; clipboard-write; encrypted-media; gyroscope; picture-in-picture; web-share\" referrerpolicy=\"strict-origin-when-cross-origin\" allowfullscreen><\/iframe>\n\n\n\n<iframe loading=\"lazy\" title=\"Christian CAPRON Photographie Argentique reportage.\" width=\"980\" height=\"551\" src=\"https:\/\/www.youtube.com\/embed\/UhuQFgE6lf8?feature=oembed\" frameborder=\"0\" allow=\"accelerometer; autoplay; clipboard-write; encrypted-media; gyroscope; picture-in-picture; web-share\" referrerpolicy=\"strict-origin-when-cross-origin\" allowfullscreen><\/iframe>\n\n\n\n<p><a href=\"https:\/\/galerie-argentique.com\/\">Accueil<\/a><\/p>\n\n\n\n<p><a href=\"http:\/\/argentique.re\" target=\"_blank\" rel=\"noreferrer noopener\">Site de l&rsquo;auteur<\/a><\/p>\n","protected":false},"excerpt":{"rendered":"<p>On en parle&#8230;. Mon travail sur la photographie argentique a captiv\u00e9 l\u2019attention de plusieurs m\u00e9dias. Cela t\u00e9moigne de la qualit\u00e9 de mes cr\u00e9ations. Je continue \u00e0 partager ma passion avec vous&nbsp;! On en parle sur : R\u00e9union la 1\u00e8re, Antenne R\u00e9union, Kult M\u00e9dia, le Quotidien de La R\u00e9union Le Quotidien de l&rsquo;Ile de La R\u00e9union [&hellip;]<\/p>\n","protected":false},"author":1,"featured_media":0,"parent":0,"menu_order":0,"comment_status":"closed","ping_status":"closed","template":"","meta":{"footnotes":""},"class_list":["post-500","page","type-page","status-publish","hentry"],"yoast_head":"<!-- This site is optimized with the Yoast SEO plugin v27.5 - https:\/\/yoast.com\/product\/yoast-seo-wordpress\/ -->\n<title>On en parle - Atelier \/ Galerie argentique<\/title>\n<meta name=\"description\" content=\"On en parle. R\u00e9union 1\u00e9re, Antenne R\u00e9union, Kult M\u00e9dia. Le journal le Quotidien, 4 reportages sur mon travail. Christian CAPRON Photographie.\" \/>\n<meta name=\"robots\" content=\"index, follow, max-snippet:-1, max-image-preview:large, max-video-preview:-1\" \/>\n<link rel=\"canonical\" href=\"https:\/\/galerie-argentique.com\/index.php\/on-en-parle-galerie-argentique-christian-capron-photographie\/\" \/>\n<meta property=\"og:locale\" content=\"fr_FR\" \/>\n<meta property=\"og:type\" content=\"article\" \/>\n<meta property=\"og:title\" content=\"On en parle - Atelier \/ Galerie argentique\" \/>\n<meta property=\"og:description\" content=\"On en parle. R\u00e9union 1\u00e9re, Antenne R\u00e9union, Kult M\u00e9dia. Le journal le Quotidien, 4 reportages sur mon travail. Christian CAPRON Photographie.\" \/>\n<meta property=\"og:url\" content=\"https:\/\/galerie-argentique.com\/index.php\/on-en-parle-galerie-argentique-christian-capron-photographie\/\" \/>\n<meta property=\"og:site_name\" content=\"Atelier \/ Galerie argentique\" \/>\n<meta property=\"article:publisher\" content=\"https:\/\/www.facebook.com\/christian.capron.Photographie\/\" \/>\n<meta property=\"article:modified_time\" content=\"2024-05-20T12:33:08+00:00\" \/>\n<meta property=\"og:image\" content=\"https:\/\/galerie-argentique.com\/wp-content\/uploads\/2024\/04\/431648217_1479159416350300_4011140802400225460_n-2-jpg.webp\" \/>\n<meta name=\"twitter:card\" content=\"summary_large_image\" \/>\n<meta name=\"twitter:label1\" content=\"Dur\u00e9e de lecture estim\u00e9e\" \/>\n\t<meta name=\"twitter:data1\" content=\"1 minute\" \/>\n<script type=\"application\/ld+json\" class=\"yoast-schema-graph\">{\"@context\":\"https:\\\/\\\/schema.org\",\"@graph\":[{\"@type\":\"WebPage\",\"@id\":\"https:\\\/\\\/galerie-argentique.com\\\/index.php\\\/on-en-parle-galerie-argentique-christian-capron-photographie\\\/\",\"url\":\"https:\\\/\\\/galerie-argentique.com\\\/index.php\\\/on-en-parle-galerie-argentique-christian-capron-photographie\\\/\",\"name\":\"On en parle - Atelier \\\/ Galerie argentique\",\"isPartOf\":{\"@id\":\"https:\\\/\\\/galerie-argentique.com\\\/#website\"},\"primaryImageOfPage\":{\"@id\":\"https:\\\/\\\/galerie-argentique.com\\\/index.php\\\/on-en-parle-galerie-argentique-christian-capron-photographie\\\/#primaryimage\"},\"image\":{\"@id\":\"https:\\\/\\\/galerie-argentique.com\\\/index.php\\\/on-en-parle-galerie-argentique-christian-capron-photographie\\\/#primaryimage\"},\"thumbnailUrl\":\"https:\\\/\\\/galerie-argentique.com\\\/wp-content\\\/uploads\\\/2024\\\/04\\\/431648217_1479159416350300_4011140802400225460_n-2-jpg.webp\",\"datePublished\":\"2023-03-24T11:55:02+00:00\",\"dateModified\":\"2024-05-20T12:33:08+00:00\",\"description\":\"On en parle. R\u00e9union 1\u00e9re, Antenne R\u00e9union, Kult M\u00e9dia. Le journal le Quotidien, 4 reportages sur mon travail. Christian CAPRON Photographie.\",\"breadcrumb\":{\"@id\":\"https:\\\/\\\/galerie-argentique.com\\\/index.php\\\/on-en-parle-galerie-argentique-christian-capron-photographie\\\/#breadcrumb\"},\"inLanguage\":\"fr-FR\",\"potentialAction\":[{\"@type\":\"ReadAction\",\"target\":[\"https:\\\/\\\/galerie-argentique.com\\\/index.php\\\/on-en-parle-galerie-argentique-christian-capron-photographie\\\/\"]}]},{\"@type\":\"ImageObject\",\"inLanguage\":\"fr-FR\",\"@id\":\"https:\\\/\\\/galerie-argentique.com\\\/index.php\\\/on-en-parle-galerie-argentique-christian-capron-photographie\\\/#primaryimage\",\"url\":\"https:\\\/\\\/galerie-argentique.com\\\/wp-content\\\/uploads\\\/2024\\\/04\\\/431648217_1479159416350300_4011140802400225460_n-2-jpg.webp\",\"contentUrl\":\"https:\\\/\\\/galerie-argentique.com\\\/wp-content\\\/uploads\\\/2024\\\/04\\\/431648217_1479159416350300_4011140802400225460_n-2-jpg.webp\",\"width\":998,\"height\":750},{\"@type\":\"BreadcrumbList\",\"@id\":\"https:\\\/\\\/galerie-argentique.com\\\/index.php\\\/on-en-parle-galerie-argentique-christian-capron-photographie\\\/#breadcrumb\",\"itemListElement\":[{\"@type\":\"ListItem\",\"position\":1,\"name\":\"Accueil\",\"item\":\"https:\\\/\\\/galerie-argentique.com\\\/\"},{\"@type\":\"ListItem\",\"position\":2,\"name\":\"On en parle !\"}]},{\"@type\":\"WebSite\",\"@id\":\"https:\\\/\\\/galerie-argentique.com\\\/#website\",\"url\":\"https:\\\/\\\/galerie-argentique.com\\\/\",\"name\":\"Atelier \\\/ Galerie argentique\",\"description\":\"L\u00e0 o\u00f9 la photographie devient Art\",\"publisher\":{\"@id\":\"https:\\\/\\\/galerie-argentique.com\\\/#\\\/schema\\\/person\\\/8df0e7a68763fc385a469968f19edffc\"},\"potentialAction\":[{\"@type\":\"SearchAction\",\"target\":{\"@type\":\"EntryPoint\",\"urlTemplate\":\"https:\\\/\\\/galerie-argentique.com\\\/?s={search_term_string}\"},\"query-input\":{\"@type\":\"PropertyValueSpecification\",\"valueRequired\":true,\"valueName\":\"search_term_string\"}}],\"inLanguage\":\"fr-FR\"},{\"@type\":[\"Person\",\"Organization\"],\"@id\":\"https:\\\/\\\/galerie-argentique.com\\\/#\\\/schema\\\/person\\\/8df0e7a68763fc385a469968f19edffc\",\"name\":\"Christian CAPRON\",\"logo\":{\"@id\":\"https:\\\/\\\/galerie-argentique.com\\\/#\\\/schema\\\/person\\\/image\\\/\"},\"sameAs\":[\"https:\\\/\\\/galerie-argentique.com\\\/\",\"https:\\\/\\\/www.facebook.com\\\/christian.capron.Photographie\\\/\",\"https:\\\/\\\/www.instagram.com\\\/christiancapron\\\/?hl=fr\"]}]}<\/script>\n<!-- \/ Yoast SEO plugin. -->","yoast_head_json":{"title":"On en parle - Atelier \/ Galerie argentique","description":"On en parle. R\u00e9union 1\u00e9re, Antenne R\u00e9union, Kult M\u00e9dia. Le journal le Quotidien, 4 reportages sur mon travail. Christian CAPRON Photographie.","robots":{"index":"index","follow":"follow","max-snippet":"max-snippet:-1","max-image-preview":"max-image-preview:large","max-video-preview":"max-video-preview:-1"},"canonical":"https:\/\/galerie-argentique.com\/index.php\/on-en-parle-galerie-argentique-christian-capron-photographie\/","og_locale":"fr_FR","og_type":"article","og_title":"On en parle - Atelier \/ Galerie argentique","og_description":"On en parle. R\u00e9union 1\u00e9re, Antenne R\u00e9union, Kult M\u00e9dia. Le journal le Quotidien, 4 reportages sur mon travail. Christian CAPRON Photographie.","og_url":"https:\/\/galerie-argentique.com\/index.php\/on-en-parle-galerie-argentique-christian-capron-photographie\/","og_site_name":"Atelier \/ Galerie argentique","article_publisher":"https:\/\/www.facebook.com\/christian.capron.Photographie\/","article_modified_time":"2024-05-20T12:33:08+00:00","og_image":[{"url":"https:\/\/galerie-argentique.com\/wp-content\/uploads\/2024\/04\/431648217_1479159416350300_4011140802400225460_n-2-jpg.webp","type":"","width":"","height":""}],"twitter_card":"summary_large_image","twitter_misc":{"Dur\u00e9e de lecture estim\u00e9e":"1 minute"},"schema":{"@context":"https:\/\/schema.org","@graph":[{"@type":"WebPage","@id":"https:\/\/galerie-argentique.com\/index.php\/on-en-parle-galerie-argentique-christian-capron-photographie\/","url":"https:\/\/galerie-argentique.com\/index.php\/on-en-parle-galerie-argentique-christian-capron-photographie\/","name":"On en parle - Atelier \/ Galerie argentique","isPartOf":{"@id":"https:\/\/galerie-argentique.com\/#website"},"primaryImageOfPage":{"@id":"https:\/\/galerie-argentique.com\/index.php\/on-en-parle-galerie-argentique-christian-capron-photographie\/#primaryimage"},"image":{"@id":"https:\/\/galerie-argentique.com\/index.php\/on-en-parle-galerie-argentique-christian-capron-photographie\/#primaryimage"},"thumbnailUrl":"https:\/\/galerie-argentique.com\/wp-content\/uploads\/2024\/04\/431648217_1479159416350300_4011140802400225460_n-2-jpg.webp","datePublished":"2023-03-24T11:55:02+00:00","dateModified":"2024-05-20T12:33:08+00:00","description":"On en parle. R\u00e9union 1\u00e9re, Antenne R\u00e9union, Kult M\u00e9dia. Le journal le Quotidien, 4 reportages sur mon travail. Christian CAPRON Photographie.","breadcrumb":{"@id":"https:\/\/galerie-argentique.com\/index.php\/on-en-parle-galerie-argentique-christian-capron-photographie\/#breadcrumb"},"inLanguage":"fr-FR","potentialAction":[{"@type":"ReadAction","target":["https:\/\/galerie-argentique.com\/index.php\/on-en-parle-galerie-argentique-christian-capron-photographie\/"]}]},{"@type":"ImageObject","inLanguage":"fr-FR","@id":"https:\/\/galerie-argentique.com\/index.php\/on-en-parle-galerie-argentique-christian-capron-photographie\/#primaryimage","url":"https:\/\/galerie-argentique.com\/wp-content\/uploads\/2024\/04\/431648217_1479159416350300_4011140802400225460_n-2-jpg.webp","contentUrl":"https:\/\/galerie-argentique.com\/wp-content\/uploads\/2024\/04\/431648217_1479159416350300_4011140802400225460_n-2-jpg.webp","width":998,"height":750},{"@type":"BreadcrumbList","@id":"https:\/\/galerie-argentique.com\/index.php\/on-en-parle-galerie-argentique-christian-capron-photographie\/#breadcrumb","itemListElement":[{"@type":"ListItem","position":1,"name":"Accueil","item":"https:\/\/galerie-argentique.com\/"},{"@type":"ListItem","position":2,"name":"On en parle !"}]},{"@type":"WebSite","@id":"https:\/\/galerie-argentique.com\/#website","url":"https:\/\/galerie-argentique.com\/","name":"Atelier \/ Galerie argentique","description":"L\u00e0 o\u00f9 la photographie devient Art","publisher":{"@id":"https:\/\/galerie-argentique.com\/#\/schema\/person\/8df0e7a68763fc385a469968f19edffc"},"potentialAction":[{"@type":"SearchAction","target":{"@type":"EntryPoint","urlTemplate":"https:\/\/galerie-argentique.com\/?s={search_term_string}"},"query-input":{"@type":"PropertyValueSpecification","valueRequired":true,"valueName":"search_term_string"}}],"inLanguage":"fr-FR"},{"@type":["Person","Organization"],"@id":"https:\/\/galerie-argentique.com\/#\/schema\/person\/8df0e7a68763fc385a469968f19edffc","name":"Christian CAPRON","logo":{"@id":"https:\/\/galerie-argentique.com\/#\/schema\/person\/image\/"},"sameAs":["https:\/\/galerie-argentique.com\/","https:\/\/www.facebook.com\/christian.capron.Photographie\/","https:\/\/www.instagram.com\/christiancapron\/?hl=fr"]}]}},"jetpack_sharing_enabled":true,"_links":{"self":[{"href":"https:\/\/galerie-argentique.com\/index.php\/wp-json\/wp\/v2\/pages\/500","targetHints":{"allow":["GET"]}}],"collection":[{"href":"https:\/\/galerie-argentique.com\/index.php\/wp-json\/wp\/v2\/pages"}],"about":[{"href":"https:\/\/galerie-argentique.com\/index.php\/wp-json\/wp\/v2\/types\/page"}],"author":[{"embeddable":true,"href":"https:\/\/galerie-argentique.com\/index.php\/wp-json\/wp\/v2\/users\/1"}],"replies":[{"embeddable":true,"href":"https:\/\/galerie-argentique.com\/index.php\/wp-json\/wp\/v2\/comments?post=500"}],"version-history":[{"count":26,"href":"https:\/\/galerie-argentique.com\/index.php\/wp-json\/wp\/v2\/pages\/500\/revisions"}],"predecessor-version":[{"id":971,"href":"https:\/\/galerie-argentique.com\/index.php\/wp-json\/wp\/v2\/pages\/500\/revisions\/971"}],"wp:attachment":[{"href":"https:\/\/galerie-argentique.com\/index.php\/wp-json\/wp\/v2\/media?parent=500"}],"curies":[{"name":"wp","href":"https:\/\/api.w.org\/{rel}","templated":true}]}}